{"id":107484,"date":"2024-01-21T16:56:30","date_gmt":"2024-01-22T00:56:30","guid":{"rendered":"https:\/\/bardel.ca\/portfolio\/projet-non-realise\/"},"modified":"2024-11-14T10:57:47","modified_gmt":"2024-11-14T18:57:47","slug":"carol-et-la-fin-du-monde","status":"publish","type":"portfolio","link":"https:\/\/bardel.ca\/fr\/portfolio\/carol-et-la-fin-du-monde\/","title":{"rendered":"Carol et la fin du monde"},"content":{"rendered":"<div class=\"wpb-content-wrapper\"><p>[vc_row unlock_row_content=\u00a0\u00bbyes\u00a0\u00bb row_height_percent=\u00a0\u00bb0&Prime; override_padding=\u00a0\u00bbyes\u00a0\u00bb h_padding=\u00a0\u00bb2&Prime; top_padding=\u00a0\u00bb2&Prime; bottom_padding=\u00a0\u00bb2&Prime; back_color=\u00a0\u00bbcolor-105898&Prime; overlay_alpha=\u00a0\u00bb0&Prime; gutter_size=\u00a0\u00bb3&Prime; column_width_percent=\u00a0\u00bb100&Prime; shift_y=\u00a0\u00bb0&Prime; z_index=\u00a0\u00bb0&Prime; bottom_divider=\u00a0\u00bbgradient\u00a0\u00bb el_class=\u00a0\u00bbdemo-section demo-hero\u00a0\u00bb uncode_shortcode_id=\u00a0\u00bb121443&Prime; back_color_type=\u00a0\u00bbuncode-palette\u00a0\u00bb][vc_column column_width_percent=\u00a0\u00bb85&Prime; gutter_size=\u00a0\u00bb0&Prime; overlay_alpha=\u00a0\u00bb50&Prime; shift_x=\u00a0\u00bb0&Prime; shift_y=\u00a0\u00bb0&Prime; shift_y_down=\u00a0\u00bb0&Prime; z_index=\u00a0\u00bb0&Prime; medium_width=\u00a0\u00bb0&Prime; mobile_width=\u00a0\u00bb0&Prime; zoom_width=\u00a0\u00bb0&Prime; zoom_height=\u00a0\u00bb0&Prime; width=\u00a0\u00bb1\/1&Prime; uncode_shortcode_id=\u00a0\u00bb457682&Prime; css=\u00a0\u00bb.vc_custom_1656356923898{padding-top: 100px !important;}\u00a0\u00bb][vc_row_inner limit_content=\u00a0\u00bb\u00a0\u00bb][vc_column_inner column_width_percent=\u00a0\u00bb70&Prime; position_horizontal=\u00a0\u00bbleft\u00a0\u00bb gutter_size=\u00a0\u00bb2&Prime; overlay_alpha=\u00a0\u00bb50&Prime; shift_x=\u00a0\u00bb0&Prime; shift_y=\u00a0\u00bb0&Prime; shift_y_down=\u00a0\u00bb0&Prime; z_index=\u00a0\u00bb0&Prime; medium_width=\u00a0\u00bb0&Prime; mobile_width=\u00a0\u00bb0&Prime; width=\u00a0\u00bb1\/1&Prime; uncode_shortcode_id=\u00a0\u00bb730556&Prime;][vc_custom_heading text_color=\u00a0\u00bbcolor-xsdn\u00a0\u00bb text_font=\u00a0\u00bbfont-111184&Prime; text_size=\u00a0\u00bbh6&Prime; text_transform=\u00a0\u00bbuppercase\u00a0\u00bb sub_lead=\u00a0\u00bbyes\u00a0\u00bb css_animation=\u00a0\u00bbbottom-t-top\u00a0\u00bb el_class=\u00a0\u00bbdemo-heading\u00a0\u00bb uncode_shortcode_id=\u00a0\u00bb754623&Prime; text_color_type=\u00a0\u00bbuncode-palette\u00a0\u00bb]S\u00e9rie Anim\u00e9e[\/vc_custom_heading][vc_custom_heading text_color=\u00a0\u00bbaccent\u00a0\u00bb heading_semantic=\u00a0\u00bbh1&Prime; text_font=\u00a0\u00bbfont-420940&Prime; text_size=\u00a0\u00bbfontsize-739966&Prime; text_transform=\u00a0\u00bbuppercase\u00a0\u00bb text_height=\u00a0\u00bbfontheight-161249&Prime; sub_lead=\u00a0\u00bbyes\u00a0\u00bb sub_reduced=\u00a0\u00bbyes\u00a0\u00bb css_animation=\u00a0\u00bbbottom-t-top\u00a0\u00bb el_class=\u00a0\u00bbdemo-heading\u00a0\u00bb uncode_shortcode_id=\u00a0\u00bb618764&Prime; text_color_type=\u00a0\u00bbuncode-palette\u00a0\u00bb]Carol et la fin du monde[\/vc_custom_heading][\/vc_column_inner][\/vc_row_inner][\/vc_column][\/vc_row][vc_row unlock_row_content=\u00a0\u00bbyes\u00a0\u00bb row_height_percent=\u00a0\u00bb0&Prime; back_color=\u00a0\u00bbcolor-wayh\u00a0\u00bb overlay_alpha=\u00a0\u00bb50&Prime; gutter_size=\u00a0\u00bb3&Prime; column_width_use_pixel=\u00a0\u00bbyes\u00a0\u00bb shift_y=\u00a0\u00bb0&Prime; z_index=\u00a0\u00bb0&Prime; uncode_shortcode_id=\u00a0\u00bb207559&Prime; back_color_type=\u00a0\u00bbuncode-palette\u00a0\u00bb column_width_pixel=\u00a0\u00bb1400px\u00a0\u00bb][vc_column column_width_percent=\u00a0\u00bb100&Prime; gutter_size=\u00a0\u00bb3&Prime; overlay_alpha=\u00a0\u00bb50&Prime; shift_x=\u00a0\u00bb0&Prime; shift_y=\u00a0\u00bb0&Prime; shift_y_down=\u00a0\u00bb0&Prime; z_index=\u00a0\u00bb0&Prime; medium_width=\u00a0\u00bb0&Prime; mobile_width=\u00a0\u00bb0&Prime; css_animation=\u00a0\u00bbbottom-t-top\u00a0\u00bb width=\u00a0\u00bb1\/1&Prime; uncode_shortcode_id=\u00a0\u00bb867945&Prime;]<div class=\"video-element js-video\">\n\t\t\t\t<div class=\"play-button-wrapper\">\n\t\t\t\t\t<button type=\"button\" id=\"playBtn_161\" class=\"play-button\" style=\"display:none\">\n\t\t\t\t\t\t<img decoding=\"async\" src=\"https:\/\/bardel.ca\/wp-content\/themes\/uncode-child\/assets\/Speaker_Icon_white.svg\" alt=\"play-icon\" class=\"play-icon\" style=\"display:none\" \/>\n\t\t\t\t\t<\/button>\n\t\t\t\t<\/div>\t<video id=\"videoPlayer_161\" class=\"video-player\" width=\"100%\" height=\"100%\" autoplay playsinline muted loop controls controlsList=\"nodownload\">\n\t\t\t\t\t\t\t\t<source src=\"https:\/\/bardel.ca\/wp-content\/uploads\/2024\/02\/CAR_Splash_Page_Clip.mp4\" type=\"video\/mp4\">\n\t\t\t\t\t\t\t<\/video><\/div>\n\t\t\t<script type=\"text\/javascript\">\n\t\t\t\tvar myVideo = document.getElementById (\"videoPlayer_161\");\n\t\t\t\tjQuery(\"#playBtn_161\").click(function() {\n\t\t\t\t\tconsole.log(\"click\");\n\t\t\t\t\t\/\/myVideo.pause();\n\t\t\t\t\tmyVideo.muted = false;\n\t\t\t\t});\n\t\t\t<\/script>[\/vc_column][\/vc_row][vc_row unlock_row_content=\u00a0\u00bbyes\u00a0\u00bb row_height_percent=\u00a0\u00bb0&Prime; back_color=\u00a0\u00bbcolor-wayh\u00a0\u00bb overlay_alpha=\u00a0\u00bb50&Prime; gutter_size=\u00a0\u00bb3&Prime; column_width_percent=\u00a0\u00bb100&Prime; shift_y=\u00a0\u00bb0&Prime; z_index=\u00a0\u00bb0&Prime; uncode_shortcode_id=\u00a0\u00bb137839&Prime; back_color_type=\u00a0\u00bbuncode-palette\u00a0\u00bb][vc_column column_width_percent=\u00a0\u00bb85&Prime; gutter_size=\u00a0\u00bb3&Prime; overlay_alpha=\u00a0\u00bb50&Prime; shift_x=\u00a0\u00bb0&Prime; shift_y=\u00a0\u00bb0&Prime; shift_y_down=\u00a0\u00bb0&Prime; z_index=\u00a0\u00bb0&Prime; medium_width=\u00a0\u00bb0&Prime; mobile_width=\u00a0\u00bb0&Prime; css_animation=\u00a0\u00bbbottom-t-top\u00a0\u00bb width=\u00a0\u00bb1\/12&Prime; uncode_shortcode_id=\u00a0\u00bb833418&Prime;][\/vc_column][vc_column width=\u00a0\u00bb2\/12&Prime;][vc_custom_heading text_color=\u00a0\u00bbcolor-prif\u00a0\u00bb text_font=\u00a0\u00bbfont-111184&Prime; text_size=\u00a0\u00bbfontsize-155944&Prime; text_transform=\u00a0\u00bbuppercase\u00a0\u00bb sub_reduced=\u00a0\u00bbyes\u00a0\u00bb uncode_shortcode_id=\u00a0\u00bb204418&Prime; text_color_type=\u00a0\u00bbuncode-palette\u00a0\u00bb subheading=\u00a0\u00bb15 D\u00e9cembre, 2023&Prime;]Date de Sortie[\/vc_custom_heading][vc_custom_heading text_color=\u00a0\u00bbcolor-prif\u00a0\u00bb text_font=\u00a0\u00bbfont-111184&Prime; text_size=\u00a0\u00bbfontsize-155944&Prime; text_transform=\u00a0\u00bbuppercase\u00a0\u00bb sub_reduced=\u00a0\u00bbyes\u00a0\u00bb uncode_shortcode_id=\u00a0\u00bb173145&Prime; text_color_type=\u00a0\u00bbuncode-palette\u00a0\u00bb subheading=\u00a0\u00bbApocalyptique, Com\u00e9die, Drame\u00a0\u00bb]Genre[\/vc_custom_heading][\/vc_column][vc_column width=\u00a0\u00bb3\/12&Prime;][vc_custom_heading text_color=\u00a0\u00bbcolor-prif\u00a0\u00bb text_font=\u00a0\u00bbfont-111184&Prime; text_size=\u00a0\u00bbfontsize-155944&Prime; text_transform=\u00a0\u00bbuppercase\u00a0\u00bb sub_reduced=\u00a0\u00bbyes\u00a0\u00bb uncode_shortcode_id=\u00a0\u00bb120375&Prime; text_color_type=\u00a0\u00bbuncode-palette\u00a0\u00bb subheading=\u00a0\u00bbDan Guterman\u00a0\u00bb]Cr\u00e9ateur[\/vc_custom_heading][vc_custom_heading text_color=\u00a0\u00bbcolor-prif\u00a0\u00bb text_font=\u00a0\u00bbfont-111184&Prime; text_size=\u00a0\u00bbfontsize-155944&Prime; text_transform=\u00a0\u00bbuppercase\u00a0\u00bb sub_reduced=\u00a0\u00bbyes\u00a0\u00bb uncode_shortcode_id=\u00a0\u00bb189066&Prime; text_color_type=\u00a0\u00bbuncode-palette\u00a0\u00bb subheading=\u00a0\u00bbDan Guterman\u00a0\u00bb]Directeur[\/vc_custom_heading][\/vc_column][vc_column width=\u00a0\u00bb5\/12&Prime;][vc_column_text text_lead=\u00a0\u00bbyes\u00a0\u00bb uncode_shortcode_id=\u00a0\u00bb242851&Prime;]\u00c0 l&rsquo;approche de l&rsquo;apocalypse, une femme ayant de la difficult\u00e9 \u00e0 s&rsquo;adapter au chaos de la fin des temps veut donner un sens \u00e0 ses derniers mois sur Terre.[\/vc_column_text][\/vc_column][vc_column width=\u00a0\u00bb1\/12&Prime;][\/vc_column][\/vc_row][vc_row unlock_row_content=\u00a0\u00bbyes\u00a0\u00bb row_height_percent=\u00a0\u00bb0&Prime; back_color=\u00a0\u00bbcolor-wayh\u00a0\u00bb overlay_alpha=\u00a0\u00bb50&Prime; gutter_size=\u00a0\u00bb3&Prime; column_width_percent=\u00a0\u00bb100&Prime; shift_y=\u00a0\u00bb0&Prime; z_index=\u00a0\u00bb0&Prime; uncode_shortcode_id=\u00a0\u00bb111056&Prime; back_color_type=\u00a0\u00bbuncode-palette\u00a0\u00bb][vc_column column_width_percent=\u00a0\u00bb100&Prime; gutter_size=\u00a0\u00bb3&Prime; overlay_alpha=\u00a0\u00bb50&Prime; shift_x=\u00a0\u00bb0&Prime; shift_y=\u00a0\u00bb0&Prime; shift_y_down=\u00a0\u00bb0&Prime; z_index=\u00a0\u00bb0&Prime; medium_width=\u00a0\u00bb0&Prime; mobile_width=\u00a0\u00bb0&Prime; css_animation=\u00a0\u00bbbottom-t-top\u00a0\u00bb width=\u00a0\u00bb1\/1&Prime; uncode_shortcode_id=\u00a0\u00bb138133&Prime;][vc_gallery el_id=\u00a0\u00bbgallery-204690&Prime; medias=\u00a0\u00bb107922,107924,107926,107928&Prime; gutter_size=\u00a0\u00bb3&Prime; media_items=\u00a0\u00bbmedia|lightbox|original\u00a0\u00bb screen_lg=\u00a0\u00bb1000&Prime; screen_md=\u00a0\u00bb600&Prime; screen_sm=\u00a0\u00bb480&Prime; single_width=\u00a0\u00bb6&Prime; images_size=\u00a0\u00bbsixteen-nine\u00a0\u00bb single_overlay_opacity=\u00a0\u00bb1&Prime; single_image_magnetic=\u00a0\u00bbyes\u00a0\u00bb single_padding=\u00a0\u00bb2&Prime; single_border=\u00a0\u00bbyes\u00a0\u00bb uncode_shortcode_id=\u00a0\u00bb766215&Prime; items=\u00a0\u00bbeyIxMDQ4MTNfaSI6eyJzaW5nbGVfd2lkdGgiOiIxMiJ9LCIxMDQ4NTlfaSI6eyJzaW5nbGVfd2lkdGgiOiIxMiJ9LCIxMDQ4NjBfaSI6eyJzaW5nbGVfd2lkdGgiOiI2In0sIjEwNDg2Ml9pIjp7InNpbmdsZV93aWR0aCI6IjEyIn19&Prime;][\/vc_column][\/vc_row][vc_row unlock_row_content=\u00a0\u00bbyes\u00a0\u00bb row_height_percent=\u00a0\u00bb20&Prime; override_padding=\u00a0\u00bbyes\u00a0\u00bb h_padding=\u00a0\u00bb3&Prime; top_padding=\u00a0\u00bb4&Prime; bottom_padding=\u00a0\u00bb4&Prime; back_color=\u00a0\u00bbcolor-mblb\u00a0\u00bb overlay_alpha=\u00a0\u00bb50&Prime; gutter_size=\u00a0\u00bb4&Prime; column_width_percent=\u00a0\u00bb100&Prime; shift_y=\u00a0\u00bb0&Prime; z_index=\u00a0\u00bb0&Prime; uncode_shortcode_id=\u00a0\u00bb116705&Prime; back_color_type=\u00a0\u00bbuncode-palette\u00a0\u00bb][vc_column column_width_use_pixel=\u00a0\u00bbyes\u00a0\u00bb position_vertical=\u00a0\u00bbbottom\u00a0\u00bb align_horizontal=\u00a0\u00bbalign_center\u00a0\u00bb gutter_size=\u00a0\u00bb3&Prime; style=\u00a0\u00bbdark\u00a0\u00bb overlay_alpha=\u00a0\u00bb50&Prime; shift_x=\u00a0\u00bb0&Prime; shift_y=\u00a0\u00bb0&Prime; shift_y_down=\u00a0\u00bb0&Prime; z_index=\u00a0\u00bb0&Prime; medium_width=\u00a0\u00bb0&Prime; mobile_width=\u00a0\u00bb0&Prime; css_animation=\u00a0\u00bbbottom-t-top\u00a0\u00bb animation_delay=\u00a0\u00bb200&Prime; parallax_intensity=\u00a0\u00bb3&Prime; width=\u00a0\u00bb1\/1&Prime; uncode_shortcode_id=\u00a0\u00bb659585&Prime; column_width_pixel=\u00a0\u00bb750&Prime;][vc_custom_heading text_color=\u00a0\u00bbcolor-xsdn\u00a0\u00bb text_font=\u00a0\u00bbfont-111184&Prime; text_size=\u00a0\u00bbfontsize-445851&Prime; text_transform=\u00a0\u00bbuppercase\u00a0\u00bb text_height=\u00a0\u00bbfontheight-179065&Prime; css_animation=\u00a0\u00bbmarquee-scroll-opposite\u00a0\u00bb marquee_clone=\u00a0\u00bbyes\u00a0\u00bb uncode_shortcode_id=\u00a0\u00bb654447&Prime; text_color_type=\u00a0\u00bbuncode-palette\u00a0\u00bb]JOIGNEZ-NOUS[\/vc_custom_heading]<div class=\"reveal-element js-risingimage\"><div class=\"reveal-element-container\"><img decoding=\"async\" class=\"reveal-image-bg\" src=\"https:\/\/bardel.ca\/wp-content\/themes\/uncode-child\/assets\/reveal.png\" alt=\"Reveal\" \/><image class=\"reveal-image\" src=\"https:\/\/bardel.ca\/wp-content\/uploads\/2022\/07\/Untitled-design-12-v2.png\" alt=\"Reveal\" \/><\/div><\/div>[vc_custom_heading text_color=\u00a0\u00bbcolor-prif\u00a0\u00bb heading_semantic=\u00a0\u00bbh3&Prime; text_font=\u00a0\u00bbfont-111184&Prime; text_size=\u00a0\u00bbh6&Prime; text_weight=\u00a0\u00bb500&Prime; text_transform=\u00a0\u00bbuppercase\u00a0\u00bb uncode_shortcode_id=\u00a0\u00bb116417&Prime; text_color_type=\u00a0\u00bbuncode-palette\u00a0\u00bb]TRAVAILLER AVEC DES CONTEURS, DES ANIMATEURS ET DES SCIENTIFIQUES D\u00c9JANT\u00c9S ET D\u00c9LIRANTS[\/vc_custom_heading][vc_column_text text_color=\u00a0\u00bbcolor-xsdn\u00a0\u00bb uncode_shortcode_id=\u00a0\u00bb865540&Prime; text_color_type=\u00a0\u00bbuncode-palette\u00a0\u00bb]Notre \u00e9quipe est form\u00e9e d\u2019un groupe de personnages loufoques et nous esp\u00e9rons que vous en ferez partie. Aidez-nous \u00e0 raconter des histoires qui stimulent l\u2019imagination, rendent l\u2019irr\u00e9el r\u00e9el et organisent une incroyable f\u00eate estivale.[\/vc_column_text][vc_button button_color=\u00a0\u00bbcolor-wayh\u00a0\u00bb radius=\u00a0\u00bbbtn-round\u00a0\u00bb border_width=\u00a0\u00bb0&Prime; link=\u00a0\u00bburl:https%3A%2F%2Fapply.workable.com%2Fbardel-entertainment%2F|target:_blank\u00a0\u00bb button_color_type=\u00a0\u00bbuncode-palette\u00a0\u00bb uncode_shortcode_id=\u00a0\u00bb803196&Prime;]Voir Nos Postes[\/vc_button][\/vc_column][\/vc_row]<\/p>\n<\/div>","protected":false},"excerpt":{"rendered":"<p>[vc_row unlock_row_content=\u00a0\u00bbyes\u00a0\u00bb row_height_percent=\u00a0\u00bb0&Prime; override_padding=\u00a0\u00bbyes\u00a0\u00bb h_padding=\u00a0\u00bb2&Prime; top_padding=\u00a0\u00bb2&Prime; bottom_padding=\u00a0\u00bb2&Prime; back_color=\u00a0\u00bbcolor-105898&Prime; overlay_alpha=\u00a0\u00bb0&Prime; gutter_size=\u00a0\u00bb3&Prime; column_width_percent=\u00a0\u00bb100&Prime; shift_y=\u00a0\u00bb0&Prime; z_index=\u00a0\u00bb0&Prime; bottom_divider=\u00a0\u00bbgradient\u00a0\u00bb el_class=\u00a0\u00bbdemo-section demo-hero\u00a0\u00bb uncode_shortcode_id=\u00a0\u00bb121443&Prime; back_color_type=\u00a0\u00bbuncode-palette\u00a0\u00bb][vc_column column_width_percent=\u00a0\u00bb85&Prime; gutter_size=\u00a0\u00bb0&Prime; [&hellip;]<\/p>\n","protected":false},"author":23,"featured_media":107931,"parent":0,"menu_order":8,"comment_status":"closed","ping_status":"closed","template":"","meta":{"inline_featured_image":false,"footnotes":""},"portfolio_category":[176],"class_list":["post-107484","portfolio","type-portfolio","status-publish","has-post-thumbnail","hentry","portfolio_category-series"],"yoast_head":"<!-- This site is optimized with the Yoast SEO plugin v27.4 - https:\/\/yoast.com\/product\/yoast-seo-wordpress\/ -->\n<title>Carol et la fin du monde - Bardel Entertainment<\/title>\n<meta name=\"description\" content=\"\u00c0 l&#039;approche de l&#039;apocalypse, une femme ayant de la difficult\u00e9 \u00e0 s&#039;adapter au chaos de la fin des temps veut donner un sens \u00e0 ses derniers mois sur Terre.\" \/>\n<meta name=\"robots\" content=\"index, follow, max-snippet:-1, max-image-preview:large, max-video-preview:-1\" \/>\n<link rel=\"canonical\" href=\"https:\/\/bardel.ca\/fr\/portfolio\/carol-et-la-fin-du-monde\/\" \/>\n<meta property=\"og:locale\" content=\"fr_FR\" \/>\n<meta property=\"og:type\" content=\"article\" \/>\n<meta property=\"og:title\" content=\"Carol et la fin du monde - Bardel Entertainment\" \/>\n<meta property=\"og:description\" content=\"\u00c0 l&#039;approche de l&#039;apocalypse, une femme ayant de la difficult\u00e9 \u00e0 s&#039;adapter au chaos de la fin des temps veut donner un sens \u00e0 ses derniers mois sur Terre.\" \/>\n<meta property=\"og:url\" content=\"https:\/\/bardel.ca\/fr\/portfolio\/carol-et-la-fin-du-monde\/\" \/>\n<meta property=\"og:site_name\" content=\"Bardel Entertainment\" \/>\n<meta property=\"article:modified_time\" content=\"2024-11-14T18:57:47+00:00\" \/>\n<meta property=\"og:image\" content=\"https:\/\/bardel.ca\/wp-content\/uploads\/2022\/09\/Carol__The_End_of_The_World_1.jpg\" \/>\n\t<meta property=\"og:image:width\" content=\"1280\" \/>\n\t<meta property=\"og:image:height\" content=\"720\" \/>\n\t<meta property=\"og:image:type\" content=\"image\/jpeg\" \/>\n<meta name=\"twitter:label1\" content=\"Dur\u00e9e de lecture estim\u00e9e\" \/>\n\t<meta name=\"twitter:data1\" content=\"2 minutes\" \/>\n<script type=\"application\/ld+json\" class=\"yoast-schema-graph\">{\"@context\":\"https:\\\/\\\/schema.org\",\"@graph\":[{\"@type\":\"WebPage\",\"@id\":\"https:\\\/\\\/bardel.ca\\\/fr\\\/portfolio\\\/carol-et-la-fin-du-monde\\\/\",\"url\":\"https:\\\/\\\/bardel.ca\\\/fr\\\/portfolio\\\/carol-et-la-fin-du-monde\\\/\",\"name\":\"Carol et la fin du monde - Bardel Entertainment\",\"isPartOf\":{\"@id\":\"https:\\\/\\\/bardel.ca\\\/fr\\\/#website\"},\"primaryImageOfPage\":{\"@id\":\"https:\\\/\\\/bardel.ca\\\/fr\\\/portfolio\\\/carol-et-la-fin-du-monde\\\/#primaryimage\"},\"image\":{\"@id\":\"https:\\\/\\\/bardel.ca\\\/fr\\\/portfolio\\\/carol-et-la-fin-du-monde\\\/#primaryimage\"},\"thumbnailUrl\":\"https:\\\/\\\/bardel.ca\\\/wp-content\\\/uploads\\\/2022\\\/09\\\/Carol__The_End_of_The_World_1.jpg\",\"datePublished\":\"2024-01-22T00:56:30+00:00\",\"dateModified\":\"2024-11-14T18:57:47+00:00\",\"description\":\"\u00c0 l'approche de l'apocalypse, une femme ayant de la difficult\u00e9 \u00e0 s'adapter au chaos de la fin des temps veut donner un sens \u00e0 ses derniers mois sur Terre.\",\"breadcrumb\":{\"@id\":\"https:\\\/\\\/bardel.ca\\\/fr\\\/portfolio\\\/carol-et-la-fin-du-monde\\\/#breadcrumb\"},\"inLanguage\":\"fr-FR\",\"potentialAction\":[{\"@type\":\"ReadAction\",\"target\":[\"https:\\\/\\\/bardel.ca\\\/fr\\\/portfolio\\\/carol-et-la-fin-du-monde\\\/\"]}]},{\"@type\":\"ImageObject\",\"inLanguage\":\"fr-FR\",\"@id\":\"https:\\\/\\\/bardel.ca\\\/fr\\\/portfolio\\\/carol-et-la-fin-du-monde\\\/#primaryimage\",\"url\":\"https:\\\/\\\/bardel.ca\\\/wp-content\\\/uploads\\\/2022\\\/09\\\/Carol__The_End_of_The_World_1.jpg\",\"contentUrl\":\"https:\\\/\\\/bardel.ca\\\/wp-content\\\/uploads\\\/2022\\\/09\\\/Carol__The_End_of_The_World_1.jpg\",\"width\":1280,\"height\":720},{\"@type\":\"BreadcrumbList\",\"@id\":\"https:\\\/\\\/bardel.ca\\\/fr\\\/portfolio\\\/carol-et-la-fin-du-monde\\\/#breadcrumb\",\"itemListElement\":[{\"@type\":\"ListItem\",\"position\":1,\"name\":\"Home\",\"item\":\"https:\\\/\\\/bardel.ca\\\/fr\\\/\"},{\"@type\":\"ListItem\",\"position\":2,\"name\":\"Portfolio\",\"item\":\"https:\\\/\\\/bardel.ca\\\/fr\\\/portfolio\\\/\"},{\"@type\":\"ListItem\",\"position\":3,\"name\":\"Carol et la fin du monde\"}]},{\"@type\":\"WebSite\",\"@id\":\"https:\\\/\\\/bardel.ca\\\/fr\\\/#website\",\"url\":\"https:\\\/\\\/bardel.ca\\\/fr\\\/\",\"name\":\"Bardel Entertainment\",\"description\":\"Official Website for Award Winning Vancouver Animation Studio.\",\"potentialAction\":[{\"@type\":\"SearchAction\",\"target\":{\"@type\":\"EntryPoint\",\"urlTemplate\":\"https:\\\/\\\/bardel.ca\\\/fr\\\/?s={search_term_string}\"},\"query-input\":{\"@type\":\"PropertyValueSpecification\",\"valueRequired\":true,\"valueName\":\"search_term_string\"}}],\"inLanguage\":\"fr-FR\"}]}<\/script>\n<!-- \/ Yoast SEO plugin. -->","yoast_head_json":{"title":"Carol et la fin du monde - Bardel Entertainment","description":"\u00c0 l'approche de l'apocalypse, une femme ayant de la difficult\u00e9 \u00e0 s'adapter au chaos de la fin des temps veut donner un sens \u00e0 ses derniers mois sur Terre.","robots":{"index":"index","follow":"follow","max-snippet":"max-snippet:-1","max-image-preview":"max-image-preview:large","max-video-preview":"max-video-preview:-1"},"canonical":"https:\/\/bardel.ca\/fr\/portfolio\/carol-et-la-fin-du-monde\/","og_locale":"fr_FR","og_type":"article","og_title":"Carol et la fin du monde - Bardel Entertainment","og_description":"\u00c0 l'approche de l'apocalypse, une femme ayant de la difficult\u00e9 \u00e0 s'adapter au chaos de la fin des temps veut donner un sens \u00e0 ses derniers mois sur Terre.","og_url":"https:\/\/bardel.ca\/fr\/portfolio\/carol-et-la-fin-du-monde\/","og_site_name":"Bardel Entertainment","article_modified_time":"2024-11-14T18:57:47+00:00","og_image":[{"width":1280,"height":720,"url":"https:\/\/bardel.ca\/wp-content\/uploads\/2022\/09\/Carol__The_End_of_The_World_1.jpg","type":"image\/jpeg"}],"twitter_misc":{"Dur\u00e9e de lecture estim\u00e9e":"2 minutes"},"schema":{"@context":"https:\/\/schema.org","@graph":[{"@type":"WebPage","@id":"https:\/\/bardel.ca\/fr\/portfolio\/carol-et-la-fin-du-monde\/","url":"https:\/\/bardel.ca\/fr\/portfolio\/carol-et-la-fin-du-monde\/","name":"Carol et la fin du monde - Bardel Entertainment","isPartOf":{"@id":"https:\/\/bardel.ca\/fr\/#website"},"primaryImageOfPage":{"@id":"https:\/\/bardel.ca\/fr\/portfolio\/carol-et-la-fin-du-monde\/#primaryimage"},"image":{"@id":"https:\/\/bardel.ca\/fr\/portfolio\/carol-et-la-fin-du-monde\/#primaryimage"},"thumbnailUrl":"https:\/\/bardel.ca\/wp-content\/uploads\/2022\/09\/Carol__The_End_of_The_World_1.jpg","datePublished":"2024-01-22T00:56:30+00:00","dateModified":"2024-11-14T18:57:47+00:00","description":"\u00c0 l'approche de l'apocalypse, une femme ayant de la difficult\u00e9 \u00e0 s'adapter au chaos de la fin des temps veut donner un sens \u00e0 ses derniers mois sur Terre.","breadcrumb":{"@id":"https:\/\/bardel.ca\/fr\/portfolio\/carol-et-la-fin-du-monde\/#breadcrumb"},"inLanguage":"fr-FR","potentialAction":[{"@type":"ReadAction","target":["https:\/\/bardel.ca\/fr\/portfolio\/carol-et-la-fin-du-monde\/"]}]},{"@type":"ImageObject","inLanguage":"fr-FR","@id":"https:\/\/bardel.ca\/fr\/portfolio\/carol-et-la-fin-du-monde\/#primaryimage","url":"https:\/\/bardel.ca\/wp-content\/uploads\/2022\/09\/Carol__The_End_of_The_World_1.jpg","contentUrl":"https:\/\/bardel.ca\/wp-content\/uploads\/2022\/09\/Carol__The_End_of_The_World_1.jpg","width":1280,"height":720},{"@type":"BreadcrumbList","@id":"https:\/\/bardel.ca\/fr\/portfolio\/carol-et-la-fin-du-monde\/#breadcrumb","itemListElement":[{"@type":"ListItem","position":1,"name":"Home","item":"https:\/\/bardel.ca\/fr\/"},{"@type":"ListItem","position":2,"name":"Portfolio","item":"https:\/\/bardel.ca\/fr\/portfolio\/"},{"@type":"ListItem","position":3,"name":"Carol et la fin du monde"}]},{"@type":"WebSite","@id":"https:\/\/bardel.ca\/fr\/#website","url":"https:\/\/bardel.ca\/fr\/","name":"Bardel Entertainment","description":"Official Website for Award Winning Vancouver Animation Studio.","potentialAction":[{"@type":"SearchAction","target":{"@type":"EntryPoint","urlTemplate":"https:\/\/bardel.ca\/fr\/?s={search_term_string}"},"query-input":{"@type":"PropertyValueSpecification","valueRequired":true,"valueName":"search_term_string"}}],"inLanguage":"fr-FR"}]}},"_links":{"self":[{"href":"https:\/\/bardel.ca\/fr\/wp-json\/wp\/v2\/portfolio\/107484","targetHints":{"allow":["GET"]}}],"collection":[{"href":"https:\/\/bardel.ca\/fr\/wp-json\/wp\/v2\/portfolio"}],"about":[{"href":"https:\/\/bardel.ca\/fr\/wp-json\/wp\/v2\/types\/portfolio"}],"author":[{"embeddable":true,"href":"https:\/\/bardel.ca\/fr\/wp-json\/wp\/v2\/users\/23"}],"replies":[{"embeddable":true,"href":"https:\/\/bardel.ca\/fr\/wp-json\/wp\/v2\/comments?post=107484"}],"version-history":[{"count":5,"href":"https:\/\/bardel.ca\/fr\/wp-json\/wp\/v2\/portfolio\/107484\/revisions"}],"predecessor-version":[{"id":108231,"href":"https:\/\/bardel.ca\/fr\/wp-json\/wp\/v2\/portfolio\/107484\/revisions\/108231"}],"wp:featuredmedia":[{"embeddable":true,"href":"https:\/\/bardel.ca\/fr\/wp-json\/wp\/v2\/media\/107931"}],"wp:attachment":[{"href":"https:\/\/bardel.ca\/fr\/wp-json\/wp\/v2\/media?parent=107484"}],"wp:term":[{"taxonomy":"portfolio_category","embeddable":true,"href":"https:\/\/bardel.ca\/fr\/wp-json\/wp\/v2\/portfolio_category?post=107484"}],"curies":[{"name":"wp","href":"https:\/\/api.w.org\/{rel}","templated":true}]}}